{"id":925,"date":"2017-04-11T11:14:48","date_gmt":"2017-04-11T11:14:48","guid":{"rendered":"http:\/\/www.funerariamonteiro.com\/?page_id=925\/"},"modified":"2017-04-11T11:44:40","modified_gmt":"2017-04-11T11:44:40","slug":"services","status":"publish","type":"page","link":"https:\/\/www.funerariamonteiro.com\/en\/services\/","title":{"rendered":"Services"},"content":{"rendered":"<section class=\" no-margin sm-no-margin xs-no-margin no-padding xs-padding-ten-top\"  style=\" background-color:#dcdcdc; \"><div class=\"wpb_column vc_column_container servicos-slider-area col-xs-mobile-fullwidth col-sm-12\"><div class=\"vc-column-innner-wrapper\"><div class=\"height-1-1 bg-dark-gray-torcato\"><div class=\"col-lg-6 col-md-6 col-sm-12 col-xs-12 servicos-torcato-slider-wrapper position-relative\"><div class=\"servicos-middle-content\"><div id=\"hcode-owl-content-slider5\" class=\"owl-carousel owl-theme servicos-torcato-slider cursor-black dot-pagination dark-pagination dark-navigation main-slider \"><div class=\"item\"><div class=\"col-lg-12 col-md-12 col-sm-12 col-xs-12\"><img src=\"https:\/\/www.funerariamonteiro.com\/wp-content\/uploads\/2016\/11\/servicos_1.jpg\"><\/div><\/div><div class=\"item\"><div class=\"col-lg-12 col-md-12 col-sm-12 col-xs-12\"><img src=\"https:\/\/www.funerariamonteiro.com\/wp-content\/uploads\/2016\/11\/servicos_2.jpg\"><\/div><\/div><div class=\"item\"><div class=\"col-lg-12 col-md-12 col-sm-12 col-xs-12\"><img src=\"https:\/\/www.funerariamonteiro.com\/wp-content\/uploads\/2016\/11\/servicos_3.jpg\"><\/div><\/div><\/div><\/div><\/div><div class=\"col-lg-6 col-md-6 col-sm-12 col-xs-12 servicos-torcato-slider-content position-relative bg-white\"><div id=\"content_overlay\" class=\"bg-white purple-text-tm servicos-slider-content-block\"><div class=\"servicos-middle-content-text mCustomScrollbar\" data-mcs-theme=\"inset-3-dark\"><ul class=\"servicos-list\"><li class=\"icon-1\"><strong>INUMA\u00c7\u00d5ES\/CREMA\u00c7\u00d5ES<\/strong><p style=\"font-family: 'Open Sans', sans-serif; text-align: justify;\">Realizamos as cerim\u00f3nias f\u00fanebres em todo o pa\u00eds. A nossa oferta ajusta-se a cada cliente, contemplando diferentes valores, consoante as ex\u00e9quias pretendidas.<\/p><\/li><li class=\"icon-2\"><strong>DECORA\u00c7\u00c3O DE CAPELAS E IGREJAS<\/strong><p style=\"font-family: 'Open Sans', sans-serif; text-align: justify;\">Enorme variedade de decora\u00e7\u00f5es exclusivas (pousos para urnas, tocheiros, entre outros) com os mais distintos materiais, como madeira, talha dourada, metal ou acr\u00edlico.<\/p><\/li><li class=\"icon-3\"><strong>VE\u00cdCULOS EXCLUSIVOS<\/strong><p style=\"font-family: 'Open Sans', sans-serif; text-align: justify;\">Possu\u00edmos uma grande frota funer\u00e1ria que abrange os carros f\u00fanebres, limusine e ve\u00edculos de transporte de materiais.<\/p><\/li><li class=\"icon-4\"><strong>PREPARA\u00c7\u00c3O\/EST\u00c9TICA<\/strong><p style=\"font-family: 'Open Sans', sans-serif; text-align: justify;\">Utiliza\u00e7\u00e3o de materiais pr\u00f3prios e adequados para a conserva\u00e7\u00e3o e prepara\u00e7\u00e3o est\u00e9tica do falecido.<\/p><\/li><li class=\"icon-6\"><strong>ARRANJOS DE FLORES<\/strong><p style=\"font-family: 'Open Sans', sans-serif; text-align: justify;\">Decora\u00e7\u00e3o da capela apropriada \u00e0 cerim\u00f3nia f\u00fanebre.<\/p><\/li><li class=\"icon-7\"><strong>CAFETARIA<\/strong><p style=\"font-family: 'Open Sans', sans-serif; text-align: justify;\">M\u00e1quinas de \u00e1gua, m\u00e1quinas de caf\u00e9 autom\u00e1ticas para os presentes na cerim\u00f3nia.<\/p><\/li><li class=\"icon-8\"><strong>PUBLICA\u00c7\u00c3O DE AN\u00daNCIOS DE JORNAL<\/strong><p style=\"font-family: 'Open Sans', sans-serif; text-align: justify;\">Coloca\u00e7\u00e3o de an\u00fancio de jornal para divulga\u00e7\u00e3o do local e hora do funeral, bem como, Missa do 7\u00ba dia.<\/p><\/li><li class=\"icon-9\"><strong>SERVI\u00c7OS INTERNACIONAIS<\/strong><p style=\"font-family: 'Open Sans', sans-serif; text-align: justify;\">Efetuamos translada\u00e7\u00f5es para v\u00e1rios pa\u00edses, nomeadamente Fran\u00e7a, Espanha, Angola, entre outros.<\/p><\/li><li class=\"icon-10\"><strong>EXUMA\u00c7\u00d5ES\/TRANSLADA\u00c7\u00d5ES<\/strong><p style=\"font-family: 'Open Sans', sans-serif; text-align: justify;\">Realizamos exuma\u00e7\u00f5es\/translada\u00e7\u00f5es de ossadas em todo o pa\u00eds.<\/p><\/li><\/ul><\/div><!--#content_overlay--><\/div><!--.slider-content-block--><\/div><\/div>        <script type=\"text\/javascript\">\n            jQuery(document).ready(function ($) {\n                \"use strict\";\n\n                $(\"#hcode-owl-content-slider5\").owlCarousel({\n                    transitionStyle: \"fade\",autoPlay: 6000,stopOnHover: false, addClassActive: false, navigation: false,pagination: false,singleItem: true,paginationSpeed: 400,navigationText: [\"<i class='fa fa-angle-left'><\/i>\", \"<i class='fa fa-angle-right'><\/i>\"]                 });\n\n                $(document).on('click', '.toggle-button', function() {\n                    var titleEl = $('#title_overlay'),\n                        contentEl = $('#content_overlay'),\n                        btnEl = $(this);\n                    if($('#title_overlay').css('display') == 'none') {\n                        btnEl.removeClass('minus').addClass('plus');\n                        titleEl.fadeIn('fast', function() {\n                            contentEl.fadeOut('fast');\n                        });                   \n                    } else {\n                        btnEl.removeClass('plus').addClass('minus');\n                        contentEl.fadeIn('fast', function() {\n                            titleEl.fadeOut('fast');\n                        });                     \n                    }\n                    return false;\n                });\n            });\n        <\/script>\n\n        <\/div><\/div><\/section>","protected":false},"excerpt":{"rendered":"<p>INUMA\u00c7\u00d5ES\/CREMA\u00c7\u00d5ESRealizamos as cerim\u00f3nias f\u00fanebres em todo o pa\u00eds. A nossa oferta ajusta-se a cada cliente, contemplando diferentes valores, consoante as ex\u00e9quias pretendidas.DECORA\u00c7\u00c3O DE CAPELAS E IGREJASEnorme variedade de decora\u00e7\u00f5es exclusivas (pousos para urnas, tocheiros, entre outros) com os mais distintos materiais, como madeira, talha dourada, metal ou acr\u00edlico.VE\u00cdCULOS EXCLUSIVOSPossu\u00edmos uma grande frota funer\u00e1ria que abrange [&hellip;]<\/p>\n","protected":false},"author":3,"featured_media":0,"parent":0,"menu_order":1,"comment_status":"closed","ping_status":"closed","template":"","meta":[],"_links":{"self":[{"href":"https:\/\/www.funerariamonteiro.com\/en\/wp-json\/wp\/v2\/pages\/925"}],"collection":[{"href":"https:\/\/www.funerariamonteiro.com\/en\/wp-json\/wp\/v2\/pages"}],"about":[{"href":"https:\/\/www.funerariamonteiro.com\/en\/wp-json\/wp\/v2\/types\/page"}],"author":[{"embeddable":true,"href":"https:\/\/www.funerariamonteiro.com\/en\/wp-json\/wp\/v2\/users\/3"}],"replies":[{"embeddable":true,"href":"https:\/\/www.funerariamonteiro.com\/en\/wp-json\/wp\/v2\/comments?post=925"}],"version-history":[{"count":1,"href":"https:\/\/www.funerariamonteiro.com\/en\/wp-json\/wp\/v2\/pages\/925\/revisions"}],"predecessor-version":[{"id":926,"href":"https:\/\/www.funerariamonteiro.com\/en\/wp-json\/wp\/v2\/pages\/925\/revisions\/926"}],"wp:attachment":[{"href":"https:\/\/www.funerariamonteiro.com\/en\/wp-json\/wp\/v2\/media?parent=925"}],"curies":[{"name":"wp","href":"https:\/\/api.w.org\/{rel}","templated":true}]}}